{"id":63,"date":"2022-02-27T00:54:58","date_gmt":"2022-02-27T00:54:58","guid":{"rendered":"https:\/\/accueildesfamillessanmarco.fr\/?page_id=63"},"modified":"2023-09-19T15:30:36","modified_gmt":"2023-09-19T15:30:36","slug":"permis-de-visite-maison-darret-de-corbas-etablissement-pour-mineurs-de-meyzieu","status":"publish","type":"page","link":"https:\/\/accueildesfamillessanmarco.fr\/?page_id=63","title":{"rendered":"Permis de visite"},"content":{"rendered":"\t\t<div data-elementor-type=\"wp-page\" data-elementor-id=\"63\" class=\"elementor elementor-63\">\n\t\t\t\t\t\t\t\t\t<section class=\"elementor-section elementor-top-section elementor-element elementor-element-57dea16 elementor-section-boxed elementor-section-height-default elementor-section-height-default\" data-id=\"57dea16\" data-element_type=\"section\">\n\t\t\t\t\t\t<div class=\"elementor-container elementor-column-gap-default\">\n\t\t\t\t\t<div class=\"elementor-column elementor-col-100 elementor-top-column elementor-element elementor-element-99e9a55\" data-id=\"99e9a55\" data-element_type=\"column\">\n\t\t\t<div class=\"elementor-widget-wrap elementor-element-populated\">\n\t\t\t\t\t\t\t\t<div class=\"elementor-element elementor-element-06a5228 elementor-widget elementor-widget-heading\" data-id=\"06a5228\" data-element_type=\"widget\" data-widget_type=\"heading.default\">\n\t\t\t\t<div class=\"elementor-widget-container\">\n\t\t\t<style>\/*! elementor - v3.18.0 - 20-12-2023 *\/\n.elementor-heading-title{padding:0;margin:0;line-height:1}.elementor-widget-heading .elementor-heading-title[class*=elementor-size-]>a{color:inherit;font-size:inherit;line-height:inherit}.elementor-widget-heading .elementor-heading-title.elementor-size-small{font-size:15px}.elementor-widget-heading .elementor-heading-title.elementor-size-medium{font-size:19px}.elementor-widget-heading .elementor-heading-title.elementor-size-large{font-size:29px}.elementor-widget-heading .elementor-heading-title.elementor-size-xl{font-size:39px}.elementor-widget-heading .elementor-heading-title.elementor-size-xxl{font-size:59px}<\/style><h2 class=\"elementor-heading-title elementor-size-default\">Permis de visite <\/h2>\t\t<\/div>\n\t\t\t\t<\/div>\n\t\t\t\t\t<\/div>\n\t\t<\/div>\n\t\t\t\t\t\t\t<\/div>\n\t\t<\/section>\n\t\t\t\t<section class=\"elementor-section elementor-top-section elementor-element elementor-element-ced0a02 elementor-section-boxed elementor-section-height-default elementor-section-height-default\" data-id=\"ced0a02\" data-element_type=\"section\">\n\t\t\t\t\t\t<div class=\"elementor-container elementor-column-gap-default\">\n\t\t\t\t\t<div class=\"elementor-column elementor-col-50 elementor-top-column elementor-element elementor-element-0b14d18 elementor-invisible\" data-id=\"0b14d18\" data-element_type=\"column\" data-settings=\"{&quot;animation&quot;:&quot;fadeInLeft&quot;}\">\n\t\t\t<div class=\"elementor-widget-wrap elementor-element-populated\">\n\t\t\t\t\t\t\t\t<div class=\"elementor-element elementor-element-0e4214a elementor-widget elementor-widget-heading\" data-id=\"0e4214a\" data-element_type=\"widget\" data-widget_type=\"heading.default\">\n\t\t\t\t<div class=\"elementor-widget-container\">\n\t\t\t<h2 class=\"elementor-heading-title elementor-size-default\"><h2 class=\"elementor-heading-title elementor-size-default elementor-inline-editing pen\" data-elementor-setting-key=\"title\" data-pen-placeholder=\"\u00c9crivez ici...\" style=\"font-family: var( --e-global-typography-primary-font-family ), Sans-serif; font-weight: var( --e-global-typography-primary-font-weight ); text-align: center;\">Maison d\u2019arr\u00eat de Corbas<\/h2><\/h2>\t\t<\/div>\n\t\t\t\t<\/div>\n\t\t\t\t<section class=\"elementor-section elementor-inner-section elementor-element elementor-element-a4c5bf8 elementor-section-boxed elementor-section-height-default elementor-section-height-default\" data-id=\"a4c5bf8\" data-element_type=\"section\">\n\t\t\t\t\t\t<div class=\"elementor-container elementor-column-gap-default\">\n\t\t\t\t\t<div class=\"elementor-column elementor-col-50 elementor-inner-column elementor-element elementor-element-7f99f44\" data-id=\"7f99f44\" data-element_type=\"column\">\n\t\t\t<div class=\"elementor-widget-wrap elementor-element-populated\">\n\t\t\t\t\t\t\t\t<div class=\"elementor-element elementor-element-a428133 elementor-widget elementor-widget-text-editor\" data-id=\"a428133\" data-element_type=\"widget\" data-widget_type=\"text-editor.default\">\n\t\t\t\t<div class=\"elementor-widget-container\">\n\t\t\t<style>\/*! elementor - v3.18.0 - 20-12-2023 *\/\n.elementor-widget-text-editor.elementor-drop-cap-view-stacked .elementor-drop-cap{background-color:#69727d;color:#fff}.elementor-widget-text-editor.elementor-drop-cap-view-framed .elementor-drop-cap{color:#69727d;border:3px solid;background-color:transparent}.elementor-widget-text-editor:not(.elementor-drop-cap-view-default) .elementor-drop-cap{margin-top:8px}.elementor-widget-text-editor:not(.elementor-drop-cap-view-default) .elementor-drop-cap-letter{width:1em;height:1em}.elementor-widget-text-editor .elementor-drop-cap{float:left;text-align:center;line-height:1;font-size:50px}.elementor-widget-text-editor .elementor-drop-cap-letter{display:inline-block}<\/style>\t\t\t\t<p><b>Si le d\u00e9tenu n\u2019est pas jug\u00e9 (pr\u00e9venu)<\/b><\/p>\n<p><b>&nbsp;<\/b><\/p>\n<p><\/p>\n<p>S\u2019adresser au tribunal judiciaire :<\/p>\n<p><\/p>\n<p>67, Rue Servient<\/p>\n<p>69003 Lyon<\/p>\n<p><\/p>\n<p>Du lundi au Vendredi inclus,<\/p>\n<p>De 8h30 \u00e0 12h00 et de 13h30 \u00e0 17h00<\/p>\n<p><\/p>\n<p>t\u00e9l\u00e9phone :&nbsp;<span style=\"font-family: var( --e-global-typography-text-font-family ), Sans-serif;\"><span style=\"font-weight: var( --e-global-typography-text-font-weight ); background-color: #ffffff; font-size: 1rem;\"><a href=\"http:\/\/tel:04 72 60 71 57\">04 72 60 71 57<\/a><\/span><\/span><\/p>\t\t\t\t\t\t<\/div>\n\t\t\t\t<\/div>\n\t\t\t\t<div class=\"elementor-element elementor-element-a107cb9 elementor-widget elementor-widget-text-editor\" data-id=\"a107cb9\" data-element_type=\"widget\" data-widget_type=\"text-editor.default\">\n\t\t\t\t<div class=\"elementor-widget-container\">\n\t\t\t\t\t\t\t<p>Bureau 10 rez-de-chauss\u00e9e<\/p>\t\t\t\t\t\t<\/div>\n\t\t\t\t<\/div>\n\t\t\t\t\t<\/div>\n\t\t<\/div>\n\t\t\t\t<div class=\"elementor-column elementor-col-50 elementor-inner-column elementor-element elementor-element-af6a3ee\" data-id=\"af6a3ee\" data-element_type=\"column\">\n\t\t\t<div class=\"elementor-widget-wrap elementor-element-populated\">\n\t\t\t\t\t\t\t\t<div class=\"elementor-element elementor-element-945a36f elementor-widget elementor-widget-text-editor\" data-id=\"945a36f\" data-element_type=\"widget\" data-widget_type=\"text-editor.default\">\n\t\t\t\t<div class=\"elementor-widget-container\">\n\t\t\t\t\t\t\t<p><b>Si le d\u00e9tenu est jug\u00e9<\/b><\/p>\n<p><b>&nbsp;<\/b><\/p>\n<p>(10 jours apr\u00e8s le jugement, d\u00e9lai d\u2019appel)<\/p>\n<p><\/p>\n<p>La demande de permis de visite doit \u00eatre d\u00e9pos\u00e9e soit directement \u00e0 la maison d\u2019arr\u00eat soit en passant par l\u2019accueil San Marco <u>avant 15h30.<\/u><\/p>\n<div>&nbsp;Soit par voie d\u00e9mat\u00e9rialis\u00e9e sur le site internet www.penitentiaire.justice.fr<\/div>\t\t\t\t\t\t<\/div>\n\t\t\t\t<\/div>\n\t\t\t\t<div class=\"elementor-element elementor-element-a44babc elementor-align-center elementor-widget elementor-widget-button\" data-id=\"a44babc\" data-element_type=\"widget\" data-widget_type=\"button.default\">\n\t\t\t\t<div class=\"elementor-widget-container\">\n\t\t\t\t\t<div class=\"elementor-button-wrapper\">\n\t\t\t<a class=\"elementor-button elementor-button-link elementor-size-sm\" href=\"https:\/\/www.penitentiaire.justice.fr\/authentification?returnUrl=%2F\" target=\"_blank\" rel=\"noopener\">\n\t\t\t\t\t\t<span class=\"elementor-button-content-wrapper\">\n\t\t\t\t\t\t<span class=\"elementor-button-text\">voie d\u00e9mat\u00e9rialis\u00e9e<\/span>\n\t\t<\/span>\n\t\t\t\t\t<\/a>\n\t\t<\/div>\n\t\t\t\t<\/div>\n\t\t\t\t<\/div>\n\t\t\t\t\t<\/div>\n\t\t<\/div>\n\t\t\t\t\t\t\t<\/div>\n\t\t<\/section>\n\t\t\t\t\t<\/div>\n\t\t<\/div>\n\t\t\t\t<div class=\"elementor-column elementor-col-50 elementor-top-column elementor-element elementor-element-da0cfe3 elementor-invisible\" data-id=\"da0cfe3\" data-element_type=\"column\" data-settings=\"{&quot;animation&quot;:&quot;fadeInRight&quot;}\">\n\t\t\t<div class=\"elementor-widget-wrap elementor-element-populated\">\n\t\t\t\t\t\t\t\t<div class=\"elementor-element elementor-element-0b1b466 elementor-widget elementor-widget-heading\" data-id=\"0b1b466\" data-element_type=\"widget\" data-widget_type=\"heading.default\">\n\t\t\t\t<div class=\"elementor-widget-container\">\n\t\t\t<h2 class=\"elementor-heading-title elementor-size-default\"><h2 class=\"elementor-heading-title elementor-size-default elementor-inline-editing pen\" data-elementor-setting-key=\"title\" data-pen-placeholder=\"\u00c9crivez ici...\" style=\"font-family: var( --e-global-typography-primary-font-family ), Sans-serif; font-weight: var( --e-global-typography-primary-font-weight ); text-align: center;\"><span style=\"color: var( --e-global-color-primary ); font-family: var( --e-global-typography-primary-font-family ), Sans-serif; font-size: 2rem; font-weight: var( --e-global-typography-primary-font-weight );\">L'EPM<\/span><br><\/h2><\/h2>\t\t<\/div>\n\t\t\t\t<\/div>\n\t\t\t\t<div class=\"elementor-element elementor-element-8205399 elementor-widget elementor-widget-text-editor\" data-id=\"8205399\" data-element_type=\"widget\" data-widget_type=\"text-editor.default\">\n\t\t\t\t<div class=\"elementor-widget-container\">\n\t\t\t\t\t\t\t<p>3 possibilit\u00e9s pour obtenir un permis de visite :\u00a0<\/p><ul><li>aupr\u00e8s du tribunal (si vous n&rsquo;habitez pas la r\u00e9gion),<\/li><li>aupr\u00e8s du greffe de l&rsquo;\u00e9tablissement qui transmettra au magistrat.<\/li><li>par voie d\u00e9mat\u00e9rialis\u00e9e sur le site internet www.penitentiaire.justice.fr<\/li><\/ul><p>\u00a0<\/p><p>\u00a0<\/p><p>\u00a0<\/p>\t\t\t\t\t\t<\/div>\n\t\t\t\t<\/div>\n\t\t\t\t<div class=\"elementor-element elementor-element-e18573c elementor-align-center elementor-widget elementor-widget-button\" data-id=\"e18573c\" data-element_type=\"widget\" data-widget_type=\"button.default\">\n\t\t\t\t<div class=\"elementor-widget-container\">\n\t\t\t\t\t<div class=\"elementor-button-wrapper\">\n\t\t\t<a class=\"elementor-button elementor-button-link elementor-size-sm\" href=\"https:\/\/www.penitentiaire.justice.fr\/authentification?returnUrl=%2F\" target=\"_blank\" rel=\"noopener\">\n\t\t\t\t\t\t<span class=\"elementor-button-content-wrapper\">\n\t\t\t\t\t\t<span class=\"elementor-button-text\">voie d\u00e9mat\u00e9rialis\u00e9e<\/span>\n\t\t<\/span>\n\t\t\t\t\t<\/a>\n\t\t<\/div>\n\t\t\t\t<\/div>\n\t\t\t\t<\/div>\n\t\t\t\t<div class=\"elementor-element elementor-element-f2bebca elementor-widget elementor-widget-text-editor\" data-id=\"f2bebca\" data-element_type=\"widget\" data-widget_type=\"text-editor.default\">\n\t\t\t\t<div class=\"elementor-widget-container\">\n\t\t\t\t\t\t\t<p>Le permis de visite n&rsquo;est d\u00e9livr\u00e9 que par le magistrat qui instruit l&rsquo;affaire du mineur incarc\u00e9r\u00e9.<\/p>\t\t\t\t\t\t<\/div>\n\t\t\t\t<\/div>\n\t\t\t\t\t<\/div>\n\t\t<\/div>\n\t\t\t\t\t\t\t<\/div>\n\t\t<\/section>\n\t\t\t\t<section class=\"elementor-section elementor-top-section elementor-element elementor-element-df87725 elementor-section-boxed elementor-section-height-default elementor-section-height-default\" data-id=\"df87725\" data-element_type=\"section\">\n\t\t\t\t\t\t<div class=\"elementor-container elementor-column-gap-default\">\n\t\t\t\t\t<div class=\"elementor-column elementor-col-100 elementor-top-column elementor-element elementor-element-9c766c5\" data-id=\"9c766c5\" data-element_type=\"column\">\n\t\t\t<div class=\"elementor-widget-wrap elementor-element-populated\">\n\t\t\t\t\t\t\t\t<div class=\"elementor-element elementor-element-e7ea742 elementor-align-center elementor-widget elementor-widget-button\" data-id=\"e7ea742\" data-element_type=\"widget\" data-widget_type=\"button.default\">\n\t\t\t\t<div class=\"elementor-widget-container\">\n\t\t\t\t\t<div class=\"elementor-button-wrapper\">\n\t\t\t<a class=\"elementor-button elementor-button-link elementor-size-sm\" href=\"http:\/\/accueildesfamillessanmarco.fr\/wp-content\/uploads\/2022\/11\/notice-demande-de-permis.pdf\" target=\"_blank\">\n\t\t\t\t\t\t<span class=\"elementor-button-content-wrapper\">\n\t\t\t\t\t\t<span class=\"elementor-button-text\">Notice demande de permis PDF<\/span>\n\t\t<\/span>\n\t\t\t\t\t<\/a>\n\t\t<\/div>\n\t\t\t\t<\/div>\n\t\t\t\t<\/div>\n\t\t\t\t\t<\/div>\n\t\t<\/div>\n\t\t\t\t\t\t\t<\/div>\n\t\t<\/section>\n\t\t\t\t<section class=\"elementor-section elementor-top-section elementor-element elementor-element-998a87f elementor-section-boxed elementor-section-height-default elementor-section-height-default elementor-invisible\" data-id=\"998a87f\" data-element_type=\"section\" data-settings=\"{&quot;animation&quot;:&quot;fadeInUp&quot;}\">\n\t\t\t\t\t\t<div class=\"elementor-container elementor-column-gap-default\">\n\t\t\t\t\t<div class=\"elementor-column elementor-col-100 elementor-top-column elementor-element elementor-element-fd9835d\" data-id=\"fd9835d\" data-element_type=\"column\">\n\t\t\t<div class=\"elementor-widget-wrap elementor-element-populated\">\n\t\t\t\t\t\t\t\t<div class=\"elementor-element elementor-element-ad0742e elementor-widget elementor-widget-text-editor\" data-id=\"ad0742e\" data-element_type=\"widget\" data-widget_type=\"text-editor.default\">\n\t\t\t\t<div class=\"elementor-widget-container\">\n\t\t\t\t\t\t\t<p><b>Pi\u00e8ces \u00e0 fournir<\/b><\/p>\n<p><\/p>\n<p>&#8211; Imprim\u00e9 \u00ab Demande de permis de visite \u00bb d\u00fbment rempli,<\/p>\n<p><\/p>\t\t\t\t\t\t<\/div>\n\t\t\t\t<\/div>\n\t\t\t\t<div class=\"elementor-element elementor-element-df95218 elementor-align-center elementor-widget elementor-widget-button\" data-id=\"df95218\" data-element_type=\"widget\" data-widget_type=\"button.default\">\n\t\t\t\t<div class=\"elementor-widget-container\">\n\t\t\t\t\t<div class=\"elementor-button-wrapper\">\n\t\t\t<a class=\"elementor-button elementor-button-link elementor-size-sm\" href=\"http:\/\/accueildesfamillessanmarco.fr\/wp-content\/uploads\/2022\/11\/permis-mamie.pdf\" target=\"_blank\">\n\t\t\t\t\t\t<span class=\"elementor-button-content-wrapper\">\n\t\t\t\t\t\t<span class=\"elementor-button-text\">Demande de permis PDF \u00e0 remplir<\/span>\n\t\t<\/span>\n\t\t\t\t\t<\/a>\n\t\t<\/div>\n\t\t\t\t<\/div>\n\t\t\t\t<\/div>\n\t\t\t\t<div class=\"elementor-element elementor-element-03ac25d elementor-widget elementor-widget-text-editor\" data-id=\"03ac25d\" data-element_type=\"widget\" data-widget_type=\"text-editor.default\">\n\t\t\t\t<div class=\"elementor-widget-container\">\n\t\t\t\t\t\t\t<p>&#8211; 2 photos d\u2019identit\u00e9 identiques<\/p>\n<p><\/p>\n<p>&#8211; Photocopie recto\/verso de la pi\u00e8ce d\u2019identit\u00e9 du demandeur en cours de validit\u00e9<\/p>\n<p><\/p>\n<p>&#8211; Photocopie du justificatif de domicile de moins de 3 mois<\/p>\n<p><\/p>\n<p>Pour les personnes h\u00e9berg\u00e9es chez un tiers, joindre au justificatif de domicile une attestation sur l\u2019honneur de la personne qui h\u00e9berge, avec signature l\u00e9galis\u00e9e en mairie, ainsi que la copie de sa pi\u00e8ce d\u2019identit\u00e9.<\/p>\n<p><\/p>\n<p>&#8211; Justificatif prouvant le lien de parent\u00e9 : photocopie du livret de famille,&nbsp;ou extrait d\u2019acte de mariage,&nbsp;ou extrait d\u2019acte de naissance,&nbsp;photocopie d\u2019attestation de concubinage faite avant l\u2019incarc\u00e9ration.<\/p>\n<p><\/p>\n<p>&#8211; Un certificat de scolarit\u00e9 ou un certificat de travail, avec les horaires pour les parloirs du samedi.<\/p>\n<p>&#8211; Une enveloppe timbr\u00e9e timbr\u00e9e libell\u00e9e \u00e0 vos nom et adresse.<\/p>\n<p>&#8211; Si vous n&rsquo;avez aucun lien familiale avec le ou la d\u00e9tenu(e),&nbsp;<b>toutes pi\u00e8ces justificative de ce que votre visite contribue \u00e0 son insertion sociale ou professionnelle.<\/b><\/p><p><b><br><\/b><\/p><p><b>Documents \u00e0 remplir et signer selon dossier :<\/b><\/p>\t\t\t\t\t\t<\/div>\n\t\t\t\t<\/div>\n\t\t\t\t<div class=\"elementor-element elementor-element-9aa2d08 elementor-align-center elementor-widget elementor-widget-button\" data-id=\"9aa2d08\" data-element_type=\"widget\" data-widget_type=\"button.default\">\n\t\t\t\t<div class=\"elementor-widget-container\">\n\t\t\t\t\t<div class=\"elementor-button-wrapper\">\n\t\t\t<a class=\"elementor-button elementor-button-link elementor-size-sm\" href=\"http:\/\/accueildesfamillessanmarco.fr\/wp-content\/uploads\/2022\/11\/hebergement-mamie.pdf\" target=\"_blank\">\n\t\t\t\t\t\t<span class=\"elementor-button-content-wrapper\">\n\t\t\t\t\t\t<span class=\"elementor-button-text\">Attestation d'h\u00e9bergement<\/span>\n\t\t<\/span>\n\t\t\t\t\t<\/a>\n\t\t<\/div>\n\t\t\t\t<\/div>\n\t\t\t\t<\/div>\n\t\t\t\t<div class=\"elementor-element elementor-element-5526657 elementor-align-center elementor-widget elementor-widget-button\" data-id=\"5526657\" data-element_type=\"widget\" data-widget_type=\"button.default\">\n\t\t\t\t<div class=\"elementor-widget-container\">\n\t\t\t\t\t<div class=\"elementor-button-wrapper\">\n\t\t\t<a class=\"elementor-button elementor-button-link elementor-size-sm\" href=\"http:\/\/accueildesfamillessanmarco.fr\/wp-content\/uploads\/2022\/11\/hebergement-mineur-mamie.pdf\" target=\"_blank\">\n\t\t\t\t\t\t<span class=\"elementor-button-content-wrapper\">\n\t\t\t\t\t\t<span class=\"elementor-button-text\">Autorisation parentale visite mineur<\/span>\n\t\t<\/span>\n\t\t\t\t\t<\/a>\n\t\t<\/div>\n\t\t\t\t<\/div>\n\t\t\t\t<\/div>\n\t\t\t\t<div class=\"elementor-element elementor-element-3a8d385 elementor-widget elementor-widget-text-editor\" data-id=\"3a8d385\" data-element_type=\"widget\" data-widget_type=\"text-editor.default\">\n\t\t\t\t<div class=\"elementor-widget-container\">\n\t\t\t\t\t\t\t<p><b>Le dossier \u00e9tant constitu\u00e9 :<\/b><\/p><p>\u00a0<\/p><p>&#8211; Soit le d\u00e9poser \u00e0 l\u2019Accueil San Marco<\/p><p>\u00a0<\/p><p>&#8211; Soit l\u2019envoyer \u00e0 :<\/p><p>\u00a0<\/p><p>Maison d\u2019arr\u00eat Service BLIE<\/p><p>BP 351 &#8211; 69962 Corbas Cedex<\/p>\t\t\t\t\t\t<\/div>\n\t\t\t\t<\/div>\n\t\t\t\t\t<\/div>\n\t\t<\/div>\n\t\t\t\t\t\t\t<\/div>\n\t\t<\/section>\n\t\t\t\t\t\t\t<\/div>\n\t\t","protected":false},"excerpt":{"rendered":"<p>Permis de visite Maison d\u2019arr\u00eat de Corbas Si le d\u00e9tenu n\u2019est pas jug\u00e9 (pr\u00e9venu) &nbsp; S\u2019adresser au tribunal judiciaire : 67, Rue Servient 69003 Lyon Du lundi au Vendredi inclus, De 8h30 \u00e0 12h00 et de 13h30 \u00e0 17h00 t\u00e9l\u00e9phone :&nbsp;04 72 60 71 57 Bureau 10 rez-de-chauss\u00e9e Si le d\u00e9tenu est jug\u00e9 &nbsp; (10 [&hellip;]<\/p>\n","protected":false},"author":1,"featured_media":0,"parent":0,"menu_order":0,"comment_status":"closed","ping_status":"closed","template":"","meta":{"om_disable_all_campaigns":false,"_monsterinsights_skip_tracking":false,"_monsterinsights_sitenote_active":false,"_monsterinsights_sitenote_note":"","_monsterinsights_sitenote_category":0,"footnotes":""},"class_list":["post-63","page","type-page","status-publish","hentry"],"_links":{"self":[{"href":"https:\/\/accueildesfamillessanmarco.fr\/index.php?rest_route=\/wp\/v2\/pages\/63","targetHints":{"allow":["GET"]}}],"collection":[{"href":"https:\/\/accueildesfamillessanmarco.fr\/index.php?rest_route=\/wp\/v2\/pages"}],"about":[{"href":"https:\/\/accueildesfamillessanmarco.fr\/index.php?rest_route=\/wp\/v2\/types\/page"}],"author":[{"embeddable":true,"href":"https:\/\/accueildesfamillessanmarco.fr\/index.php?rest_route=\/wp\/v2\/users\/1"}],"replies":[{"embeddable":true,"href":"https:\/\/accueildesfamillessanmarco.fr\/index.php?rest_route=%2Fwp%2Fv2%2Fcomments&post=63"}],"version-history":[{"count":121,"href":"https:\/\/accueildesfamillessanmarco.fr\/index.php?rest_route=\/wp\/v2\/pages\/63\/revisions"}],"predecessor-version":[{"id":947,"href":"https:\/\/accueildesfamillessanmarco.fr\/index.php?rest_route=\/wp\/v2\/pages\/63\/revisions\/947"}],"wp:attachment":[{"href":"https:\/\/accueildesfamillessanmarco.fr\/index.php?rest_route=%2Fwp%2Fv2%2Fmedia&parent=63"}],"curies":[{"name":"wp","href":"https:\/\/api.w.org\/{rel}","templated":true}]}}